{"id":12848,"date":"2023-08-03T17:04:03","date_gmt":"2023-08-03T20:04:03","guid":{"rendered":"http:\/\/www.eam.iua.edu.ar\/eam\/?page_id=12848"},"modified":"2025-09-11T11:03:36","modified_gmt":"2025-09-11T14:03:36","slug":"cuserpro","status":"publish","type":"page","link":"http:\/\/www.eam.iua.edu.ar\/eam\/cuserpro\/","title":{"rendered":"Curso de Servicios Profesionales (CUSERPRO)"},"content":{"rendered":"<p>[vc_row full_width=\u00bbstretch_row_content_no_spaces\u00bb][vc_column][vc_empty_space height=\u00bb5em\u00bb][vc_column_text]<\/p>\n<h2 style=\"text-align: center;\">CURSO DE FORMACI\u00d3N MILITAR PARA EL PERSONAL MILITAR SUPERIOR<\/h2>\n<h2 style=\"text-align: center;\">DEL CUERPO DE LOS SERVICIOS PROFESIONALES 2025<\/h2>\n<p>[\/vc_column_text][\/vc_column][\/vc_row][vc_row][vc_column][vc_column_text][\/vc_column_text][\/vc_column][\/vc_row][vc_row full_width=\u00bbstretch_row\u00bb][vc_column][vc_empty_space height=\u00bb5em\u00bb][\/vc_column][\/vc_row][vc_row][vc_column][vc_column_text][\/vc_column_text][\/vc_column][\/vc_row][vc_row full_width=\u00bbstretch_row\u00bb][vc_column][vc_column_text]<\/p>\n<p style=\"text-align: justify;\"><span style=\"font-weight: 400;\">La Fuerza A\u00e9rea Argentina convoca anualmente a profesionales de ambos sexos que poseen estudios terciarios y\/o universitarios para realizar un <\/span><b>curso de formaci\u00f3n militar e incorporarse como Oficiales del Cuerpo de los Servicios Profesionales<\/b><span style=\"font-weight: 400;\">.<\/span><\/p>\n<p style=\"text-align: justify;\"><span style=\"font-weight: 400;\">A diferencia de los Oficiales del Cuerpo Comando quienes cursan la carrera de cuatro a\u00f1os en la EAM, el Oficial que pertenece al <strong>Cuerpo de los Servicios Profesionales<\/strong> no ejerce funciones de comando y tiene como finalidad desempe\u00f1ar cargos directamente relacionados con su especialidad.<\/span><\/p>\n<p style=\"text-align: justify;\"><span style=\"font-weight: 400;\">Asimismo, el profesional asimilado a la <strong>Fuerza A\u00e9rea Argentina<\/strong> desarrolla actividades de direcci\u00f3n y administraci\u00f3n de los organismos espec\u00edficos y conjuntos de acuerdo con lo previsto en las respectivas prescripciones reglamentarias vigentes, como tambi\u00e9n tareas de car\u00e1cter general y profesional afines con su especializaci\u00f3n, por lo cual tanto la Formaci\u00f3n y el Perfeccionamiento de este personal, como el r\u00e9gimen de destinos y ascensos, se diferencia de los establecidos para los Oficiales que ejercen funciones de comando.<\/span><\/p>\n<p style=\"text-align: justify;\"><span style=\"font-weight: 400;\">El r\u00e9gimen de destinos para los distintos <strong>Escalafones del Cuerpo Profesional,<\/strong> se organiza normalmente de acuerdo con los criterios de prioridad para todas las Unidades de la Fuerza A\u00e9rea. Asimismo, integran comisiones en el pa\u00eds o en el exterior en forma transitoria (por ejemplo aquellas que se realizan bajo mandato de las Naciones Unidas), y tambi\u00e9n cubren destinos en Bases Ant\u00e1rticas.<\/span><\/p>\n<p style=\"text-align: justify;\"><span style=\"font-weight: 400;\">Todo esto exige de quien tome la decisi\u00f3n de incorporarse, un estilo de vida que contenga una profunda<strong> VOCACI\u00d3N MILITAR, ESP\u00cdRITU DE SERVICIO, DESEO DE SUPERACI\u00d3N Y AMOR POR LA PATRIA.<\/strong><\/span><\/p>\n<p>[\/vc_column_text][vc_empty_space height=\u00bb5em\u00bb][\/vc_column][\/vc_row][vc_row disable_element=\u00bbyes\u00bb][vc_column][vc_column_text][\/vc_column_text][\/vc_column][\/vc_row][vc_row full_width=\u00bbstretch_row_content_no_spaces\u00bb][vc_column width=\u00bb1\/4&#8243;][\/vc_column][vc_column width=\u00bb1\/2&#8243;]<h1 class=\"sc_title sc_title_regular \"><\/p>\n<h2 style=\"text-align: center;\">\u00a0Fechas Importantes<\/h2>\n<p><\/h1><div class=\"sc_section\"><div class=\"sc_section_inner\"><div class=\"sc_infobox sc_infobox_style_regular sc_infobox_iconed icon-book\">[vc_column_text]<\/p>\n<h6><strong>FECHAS CUSERPRO<\/strong><\/h6>\n<p><strong>INSCRIPCI\u00d3N INGRESO 2025<\/strong><br \/>\n\u00b7\u00a0\u00a0\u00a0\u00a0\u00a0\u00a0\u00a0\u00a0 APERTURA: lunes 19 de mayo.<br \/>\n\u00b7\u00a0\u00a0\u00a0\u00a0\u00a0\u00a0\u00a0\u00a0 CIERRE: mi\u00e9rcoles 6 de agosto &#8211; 13:00 hs.<\/p>\n<p><strong>EXAMEN DE SELECCI\u00d3N<\/strong><br \/>\n\u00b7\u00a0\u00a0\u00a0\u00a0\u00a0\u00a0\u00a0\u00a0 PRESENTACI\u00d3N: lunes 18 de agosto \u2013 7:30 hs.<br \/>\n\u00b7\u00a0\u00a0\u00a0\u00a0\u00a0\u00a0\u00a0\u00a0 FINALIZACI\u00d3N: viernes 22 de agosto.<\/p>\n<p><strong>CURSADA<\/strong><br \/>\n\u00b7\u00a0\u00a0\u00a0\u00a0\u00a0\u00a0\u00a0\u00a0 INICIO: lunes 1 de septiembre.<br \/>\n\u00b7\u00a0\u00a0\u00a0\u00a0\u00a0\u00a0\u00a0\u00a0 FINALIZACI\u00d3N: viernes 28 de noviembre.[\/vc_column_text][vc_empty_space]<\/div><\/div><\/div>[\/vc_column][\/vc_row][vc_row full_width=\u00bbstretch_row_content_no_spaces\u00bb][vc_column width=\u00bb1\/4&#8243;][\/vc_column][vc_column width=\u00bb1\/2&#8243;]<h1 class=\"sc_title sc_title_regular \"><\/p>\n<h2 style=\"text-align: center;\">\u00a0Especialidades Convocadas<\/h2>\n<p><\/h1><div class=\"sc_section\"><div class=\"sc_section_inner\"><div class=\"sc_infobox sc_infobox_style_regular sc_infobox_iconed icon-book\">[vc_column_text]Pueden variar de acuerdo a las necesidades de la Fuerza A\u00e9rea Argentina, por lo que se renuevan en cada convocatoria.<\/p>\n<p>[\/vc_column_text][vc_empty_space]<a href=\"http:\/\/www.eam.iua.edu.ar\/eam\/descarga-especialidades-convocadas-2\" target=\"NEW\" class=\"sc_button sc_button_square sc_button_style_filled sc_button_bg_link sc_button_size_medium aligncenter  sc_button_iconed icon-pin popup_link\" style=\"width:40%;\">VER ESPECIALIDADES CONVOCADAS<\/a>[vc_empty_space]<\/div><\/div><\/div>[\/vc_column][\/vc_row][vc_row full_width=\u00bbstretch_row_content_no_spaces\u00bb][vc_column width=\u00bb1\/4&#8243;][\/vc_column][vc_column width=\u00bb1\/2&#8243;]<h1 class=\"sc_title sc_title_regular \"><\/p>\n<h2 style=\"text-align: center;\">\u00a0Requisitos<\/h2>\n<p><\/h1><div class=\"sc_section\"><div class=\"sc_section_inner\"><div class=\"sc_infobox sc_infobox_style_regular sc_infobox_iconed icon-book\">[vc_column_text]<\/p>\n<ol>\n<li><span style=\"font-weight: 400;\">Ser argentino\/a nativo\/a o por opci\u00f3n (Son argentinos por opci\u00f3n los hijos de argentinos nativos que habiendo nacido en pa\u00eds extranjero optaren por la ciudadan\u00eda argentina.)<\/span><\/li>\n<li><span style=\"font-weight: 400;\">Ser f\u00edsica y ps\u00edquicamente apto.<\/span><\/li>\n<li><span style=\"font-weight: 400;\">Aprobar los ex\u00e1menes de selecci\u00f3n.<\/span><\/li>\n<li><span style=\"font-weight: 400;\">Ser sano, arm\u00f3nicamente constituido y tener capacidad psicofisiol\u00f3gica que le permita el cumplimiento de las actividades que impone el servicio de armas.<\/span><\/li>\n<li><span style=\"font-weight: 400;\">Edad: de 23 a 30 a\u00f1os cumplidos al 30 de junio del a\u00f1o de ingreso.<br \/>\n<\/span><span style=\"font-weight: 400;\">Para el Escalaf\u00f3n Medicina, se fija como edad m\u00e1xima 35 a\u00f1os para aquellos postulantes que acrediten t\u00edtulo de especialista reconocido en residencia completa. En el caso especial del Escalaf\u00f3n Jur\u00eddico la edad m\u00e1xima es de 30 a\u00f1os de edad, cumplidos al 1\u00ba de marzo del a\u00f1o de ingreso seg\u00fan lo establecido en los requisitos del Decreto 1715\/2011 \u201cServicio de Justicia Conjunto de las Fuerzas Armadas\u201d del Ministerio de Defensa.<\/span><\/li>\n<li>T\u00edtulo<b>:<\/b> ser egresado\/a de alguna de las carreras convocadas.<\/li>\n<\/ol>\n<p>&nbsp;<\/p>\n<h2 style=\"text-align: center;\"><span style=\"color: #ff0000;\">ACLARACI\u00d3N IMPORTANTE<\/span><\/h2>\n<p style=\"text-align: left;\"><span style=\"color: #ff0000;\">En caso de NO CUMPLIR con los REQUISITOS mencionados en el Cuadernillo de Ingreso o en la p\u00e1gina, por favor, NO CONTINUAR con la inscripci\u00f3n online. Si Ud. se encuentra en esta situaci\u00f3n, enviar un correo a <span style=\"color: #0000ff;\">cuserpro@eam.iua.edu.ar<\/span> o comunicarse telef\u00f3nicamente al (011) 43176000 &#8211; Interno 37358 &#8211; Divisi\u00f3n Alumnos, <span lang=\"es-AR\"><span style=\"font-family: Times New Roman,serif; font-size: medium;\"><span style=\"color: red; font-family: Tahoma,sans-serif; font-size: small;\"><b><u>antes del 01 de AGOSTO de 2025 a las 13: 00 hs.<\/u><\/b><\/span><span style=\"color: red; font-family: Tahoma,sans-serif; font-size: small;\"><b><u>\u00a0<\/u><\/b><\/span><\/span><\/span><\/span><\/p>\n<p>[\/vc_column_text][vc_empty_space][vc_empty_space]<\/div><\/div><\/div>[vc_empty_space][\/vc_column][\/vc_row][vc_row full_width=\u00bbstretch_row_content_no_spaces\u00bb parallax=\u00bbcontent-moving\u00bb disable_element=\u00bbyes\u00bb css=\u00bb.vc_custom_1691496353678{background-image: url(http:\/\/www.eam.iua.edu.ar\/eam\/wp-content\/uploads\/2017\/08\/desierto-cover.jpg?id=896) !important;}\u00bb el_class=\u00bbplan\u00bb][vc_column][\/vc_column][\/vc_row][vc_row full_width=\u00bbstretch_row\u00bb][vc_column][vc_empty_space]<h3 class=\"sc_title sc_title_regular  sc_align_center\" style=\"text-align:center;\"><\/p>\n<h1 style=\"text-align: center;\">Pasos para Incorporarse<\/h1>\n<p><\/h3>[vc_empty_space height=\u00bb0em\u00bb]<figure class=\"sc_image  sc_image_shape_square\" data-animation=\"animated zoomIn normal\"><a href=\"http:\/\/www.eam.iua.edu.ar\/eam\/download\/cuadernillo-cuserpro\/\"><img decoding=\"async\" src=\"http:\/\/www.eam.iua.edu.ar\/eam\/wp-content\/uploads\/2023\/08\/1.png\" alt=\"\" \/><\/a><\/figure>[vc_empty_space height=\u00bb4em\u00bb]<figure class=\"sc_image  sc_image_shape_square\" data-animation=\"animated zoomIn normal\"><a href=\"http:\/\/www.eam.iua.edu.ar\/eam\/inscripcion-online-cerrada\/\"><img decoding=\"async\" src=\"http:\/\/www.eam.iua.edu.ar\/eam\/wp-content\/uploads\/2023\/08\/2.png\" alt=\"\" \/><\/a><\/figure>[vc_empty_space height=\u00bb4em\u00bb]<figure class=\"sc_image  sc_image_shape_square\" data-animation=\"animated zoomIn normal\"><a href=\"http:\/\/www.eam.iua.edu.ar\/eam\/inscripcion-online-cerrada\/\"><img decoding=\"async\" src=\"http:\/\/www.eam.iua.edu.ar\/eam\/wp-content\/uploads\/2024\/06\/3-2024.webp\" alt=\"\" \/><\/a><\/figure>[vc_empty_space height=\u00bb4em\u00bb]<figure class=\"sc_image  sc_image_shape_square\" data-animation=\"animated zoomIn normal\"><img decoding=\"async\" src=\"http:\/\/www.eam.iua.edu.ar\/eam\/wp-content\/uploads\/2025\/04\/WEB-PASOS-4-CUSERPRO-1131X320.png\" alt=\"\" \/><\/figure>[vc_empty_space height=\u00bb4em\u00bb][vc_empty_space][\/vc_column][\/vc_row][vc_row][vc_column][vc_column_text]<\/p>\n<h3><strong>CONTACTO<\/strong><\/h3>\n<p>&nbsp;<\/p>\n<p><strong>Direcci\u00f3n:<\/strong> Av. Fuerza A\u00e9rea Argentina Km. 6 \u00bd \u2013 C.P. 5011, C\u00f3rdoba.<br \/>\n<strong>Tel\u00e9fono:<\/strong> 011-43176000 (Internos: 37358 y 37288).<br \/>\n<strong>Mail:<\/strong> <a href=\"mailto:cuserpro@eam.iua.edu.ar\">cuserpro@eam.iua.edu.ar<\/a>[\/vc_column_text][vc_empty_space][vc_empty_space][\/vc_column][\/vc_row][vc_row full_width=\u00bbstretch_row\u00bb css=\u00bb.vc_custom_1748635015132{background-image: url(http:\/\/www.eam.iua.edu.ar\/eam\/wp-content\/uploads\/2017\/08\/torres.jpg?id=725) !important;background-position: center !important;background-repeat: no-repeat !important;background-size: cover !important;}\u00bb el_class=\u00bbfrases\u00bb][vc_column width=\u00bb1\/2&#8243; css=\u00bb.vc_custom_1505998033881{background-image: url(http:\/\/www.eam.iua.edu.ar\/eam\/wp-content\/uploads\/2015\/07\/conducta.png?id=1839) !important;background-position: 0 0 !important;background-repeat: no-repeat !important;}\u00bb][vc_empty_space height=\u00bb4em\u00bb]<figure class=\"sc_image  alignright sc_image_shape_square\" style=\"width:70%;\"><img decoding=\"async\" src=\"http:\/\/www.eam.iua.edu.ar\/eam\/wp-content\/uploads\/2017\/08\/04.png\" alt=\"\" \/><\/figure>[vc_empty_space height=\u00bb4em\u00bb][\/vc_column][vc_column width=\u00bb1\/2&#8243;][\/vc_column][\/vc_row]<\/p>\n","protected":false},"excerpt":{"rendered":"<p>[vc_row full_width=\u00bbstretch_row_content_no_spaces\u00bb][vc_column][vc_empty_space height=\u00bb5em\u00bb][vc_column_text] CURSO DE FORMACI\u00d3N MILITAR PARA EL PERSONAL MILITAR SUPERIOR DEL CUERPO DE LOS SERVICIOS PROFESIONALES 2025 [\/vc_column_text][\/vc_column][\/vc_row][vc_row][vc_column][vc_column_text][\/vc_column_text][\/vc_column][\/vc_row][vc_row full_width=\u00bbstretch_row\u00bb][vc_column][vc_empty_space height=\u00bb5em\u00bb][\/vc_column][\/vc_row][vc_row][vc_column][vc_column_text][\/vc_column_text][\/vc_column][\/vc_row][vc_row full_width=\u00bbstretch_row\u00bb][vc_column][vc_column_text] La Fuerza A\u00e9rea Argentina convoca anualmente a profesionales de ambos sexos que poseen estudios terciarios y\/o universitarios para realizar un curso de formaci\u00f3n militar e incorporarse como Oficiales del Cuerpo de los [&hellip;]<\/p>\n","protected":false},"author":1,"featured_media":0,"parent":0,"menu_order":0,"comment_status":"closed","ping_status":"closed","template":"","meta":{"_joinchat":[],"footnotes":""},"class_list":["post-12848","page","type-page","status-publish","hentry"],"_links":{"self":[{"href":"http:\/\/www.eam.iua.edu.ar\/eam\/wp-json\/wp\/v2\/pages\/12848","targetHints":{"allow":["GET"]}}],"collection":[{"href":"http:\/\/www.eam.iua.edu.ar\/eam\/wp-json\/wp\/v2\/pages"}],"about":[{"href":"http:\/\/www.eam.iua.edu.ar\/eam\/wp-json\/wp\/v2\/types\/page"}],"author":[{"embeddable":true,"href":"http:\/\/www.eam.iua.edu.ar\/eam\/wp-json\/wp\/v2\/users\/1"}],"replies":[{"embeddable":true,"href":"http:\/\/www.eam.iua.edu.ar\/eam\/wp-json\/wp\/v2\/comments?post=12848"}],"version-history":[{"count":121,"href":"http:\/\/www.eam.iua.edu.ar\/eam\/wp-json\/wp\/v2\/pages\/12848\/revisions"}],"predecessor-version":[{"id":14899,"href":"http:\/\/www.eam.iua.edu.ar\/eam\/wp-json\/wp\/v2\/pages\/12848\/revisions\/14899"}],"wp:attachment":[{"href":"http:\/\/www.eam.iua.edu.ar\/eam\/wp-json\/wp\/v2\/media?parent=12848"}],"curies":[{"name":"wp","href":"https:\/\/api.w.org\/{rel}","templated":true}]}}