{"id":13481,"date":"2024-04-05T12:19:46","date_gmt":"2024-04-05T15:19:46","guid":{"rendered":"http:\/\/www.eam.iua.edu.ar\/eam\/?page_id=13481"},"modified":"2024-04-08T12:32:47","modified_gmt":"2024-04-08T15:32:47","slug":"sala-malvinas-3","status":"publish","type":"page","link":"http:\/\/www.eam.iua.edu.ar\/eam\/sala-malvinas-3\/","title":{"rendered":"SALA MALVINAS"},"content":{"rendered":"<p>[vc_row][vc_column]<figure class=\"sc_image  sc_image_shape_square\"><img decoding=\"async\" src=\"http:\/\/www.eam.iua.edu.ar\/eam\/wp-content\/uploads\/2023\/09\/MAQUETA-AERONAVES-EN-MALVINAS2.jpeg\" alt=\"\" \/><\/figure>[vc_column_text]<\/p>\n<p style=\"text-align: center;\"><strong>Maqueta con los Sistemas de Armas de la Fuerza A\u00e9rea Argentina que participaron en Malvinas<\/strong><\/p>\n<p>[\/vc_column_text][vc_empty_space height=\u00bb4em\u00bb][vc_column_text]<\/p>\n<p style=\"text-align: justify;\">La maqueta fue remodelada y modernizada en el a\u00f1o 2016 por personal militar superior, subalterno y Cadetes del Instituto.<\/p>\n<p style=\"text-align: justify;\">En la misma se pueden apreciar nuestras Islas Malvinas y aeronaves en miniatura pertenecientes a la Aviaci\u00f3n de Caza, Transporte y Helic\u00f3pteros. Adem\u00e1s, la artiller\u00eda antia\u00e9rea de destacada actuaci\u00f3n en el Conflicto del Atl\u00e1ntico Sur.<\/p>\n<p>M\u00e1s informaci\u00f3n sobre el desempe\u00f1o del sistema de armas H\u00e9rcules C-130 en la entrevista realizada al Comodoro \u201cVGM\u201d (R) Eduardo SENN, quien fue condecorado por el Congreso con la medalla \u00abLa Naci\u00f3n Argentina al Valor en Combate\u201d.[\/vc_column_text][vc_empty_space height=\u00bb4em\u00bb][vc_video link=\u00bbhttps:\/\/www.youtube.com\/watch?v=nKPI-39clwA&amp;ab_channel=EAMArgentina\u00bb align=\u00bbcenter\u00bb][vc_empty_space height=\u00bb4em\u00bb][\/vc_column][\/vc_row][vc_row][vc_column][vc_column_text][\/vc_column_text][\/vc_column][vc_column_text][\/vc_column_text][\/vc_row][vc_row][vc_column][vc_empty_space height=\u00bb4em\u00bb]<figure class=\"sc_image  sc_image_shape_square\"><img decoding=\"async\" src=\"http:\/\/www.eam.iua.edu.ar\/eam\/wp-content\/uploads\/2023\/09\/CASCO-BRIG.-TOMBA-scaled.jpg\" alt=\"\" \/><\/figure>[vc_column_text][\/vc_column_text][vc_column_text]<\/p>\n<p style=\"text-align: center;\"><strong>Casco de vuelo del Brigadier \u201cVGM\u201d (R) D. Carlos TOMBA<\/strong><\/p>\n<p>[\/vc_column_text][vc_empty_space height=\u00bb4em\u00bb][vc_column_text]<\/p>\n<p style=\"text-align: justify;\">El Brigadier \u201cVGM\u201d (R) TOMBA fue piloto de Pucar\u00e1 en Malvinas teniendo el grado de Mayor. Es importante destacar que el mencionado oficial fue a Malvinas a solucionar problemas electr\u00f3nicos en los aviones Pucar\u00e1 y se qued\u00f3 de forma voluntaria en las islas a combatir.<\/p>\n<p style=\"text-align: justify;\">Luego de realizar varias operaciones a\u00e9reas, el Brigadier \u201cVGM\u201d (R) D. Carlos TOMBA fue derribado por un avi\u00f3n Sea Harrier ingl\u00e9s y pudo salvar su vida milagrosamente al eyectarse a 5 metros de altura.<\/p>\n<p>[\/vc_column_text][vc_empty_space height=\u00bb4em\u00bb][\/vc_column][\/vc_row][vc_row][vc_column][vc_empty_space height=\u00bb4em\u00bb]<figure class=\"sc_image  sc_image_shape_square\"><img decoding=\"async\" src=\"http:\/\/www.eam.iua.edu.ar\/eam\/wp-content\/uploads\/2023\/09\/ASIENTO-EYECTABLE-AVION-A-4C-SKYHAWK.jpg\" alt=\"\" \/><\/figure>[vc_column_text][\/vc_column_text][vc_column_text]<\/p>\n<p style=\"text-align: center;\"><strong>Asiento Eyectable del Avi\u00f3n A-4C C-322<\/strong> <strong>Skyhawk<\/strong><\/p>\n<p>[\/vc_column_text][vc_empty_space height=\u00bb4em\u00bb][vc_column_text]<\/p>\n<p style=\"text-align: justify;\">El asiento eyectable del avi\u00f3n A4C-Skyhawk C-322 (SEAT SERIAL NUMBER A18-1029) se encuentra exhibido en la Sala de Malvinas de este Instituto.<\/p>\n<p style=\"text-align: justify;\">Esta aeronave particip\u00f3 en la guerra de Malvinas operando desde la Base San Juli\u00e1n en numerosas misiones de combate, provocando serios da\u00f1os a la Fuerza de Tareas Brit\u00e1nicas, entre lo que se puede mencionar la significativa afectaci\u00f3n de CUATRO (4) buques de guerra.<\/p>\n<p style=\"text-align: justify;\">Dicha aeronave, adem\u00e1s de participar activamente del Conflicto del Atl\u00e1ntico Sur, fue integrante del Escuadr\u00f3n 3 de la IV Brigada A\u00e9rea de Mendoza que se conform\u00f3 en el a\u00f1o 1976.<\/p>\n<p style=\"text-align: justify;\">Compartimos la entrevista realizada al Brigadier \u00abVGM\u00bb (R) D. Ernesto Rub\u00e9n URETA y al Comodoro \u201cVGM\u201d (R) D. Gerardo Guillermo ISAAC, los pilotos del Escuadr\u00f3n A-4C Skyhawk, quienes relatan el hist\u00f3rico ataque al HMS Invincible en el Conflicto del Atl\u00e1ntico Sur.<\/p>\n<p>[\/vc_column_text][vc_empty_space height=\u00bb4em\u00bb][vc_video link=\u00bbhttps:\/\/www.youtube.com\/watch?v=hudvDEfUcR0&#8243; align=\u00bbcenter\u00bb][vc_empty_space height=\u00bb4em\u00bb][vc_video link=\u00bbhttps:\/\/www.youtube.com\/watch?v=anHasHhuzVs\u00bb align=\u00bbcenter\u00bb][vc_empty_space height=\u00bb4em\u00bb][\/vc_column][\/vc_row][vc_row][vc_column][vc_empty_space height=\u00bb4em\u00bb]<figure class=\"sc_image  sc_image_shape_square\"><img decoding=\"async\" src=\"http:\/\/www.eam.iua.edu.ar\/eam\/wp-content\/uploads\/2023\/09\/SILLON-Y-BASTON-DE-MANDO-GOBERNADOR-MALVINAS-scaled.jpg\" alt=\"\" \/><\/figure>[vc_column_text][\/vc_column_text][vc_column_text]<\/p>\n<p style=\"text-align: center;\"><strong>Sill\u00f3n y bast\u00f3n de mando del Gobernador de Malvinas<\/strong><\/p>\n<p>[\/vc_column_text][vc_empty_space height=\u00bb4em\u00bb][vc_column_text]<\/p>\n<p style=\"text-align: justify;\">Durante el conflicto por la recuperaci\u00f3n de nuestras Islas Malvinas, el extinto ebanista y escultor cordob\u00e9s Eugenio Tom\u00e1s FIORE, radicado en La Rioja por aquel entonces, dise\u00f1\u00f3 en 1982 como un aporte a la Gesta Malvinense, un sill\u00f3n y su correspondiente bast\u00f3n de mando destinados al Gobernador de Malvinas, ambos construidos con la colaboraci\u00f3n del se\u00f1or Arce.<\/p>\n<p style=\"text-align: justify;\">Posteriormente, el sill\u00f3n es entregado al Coronel D. Cayetano FlORINI, Jefe del Batall\u00f3n de Ingenieros de Construcciones 141, quien procedi\u00f3 a remitirlo al Comando del 3\u00b0 Cuerpo de Ej\u00e9rcito con asiento en la ciudad de C\u00f3rdoba para posteriormente ser trasladado a Malvinas.<\/p>\n<p style=\"text-align: justify;\">El sill\u00f3n permaneci\u00f3 en Puerto Argentino durante siete d\u00edas, y el mismo no se lleg\u00f3 a desembalarlo y ante el agravamiento del conflicto fue tra\u00eddo nuevamente al continente donde fue exhibido en diferentes muestras en ese pa\u00eds hasta recalar finalmente en el Museo del Marqu\u00e9s de Sobremonte de la ciudad de C\u00f3rdoba.<\/p>\n<p style=\"text-align: justify;\">Con posterioridad al fallecimiento del se\u00f1or FIORE en el a\u00f1o 2012, el sill\u00f3n y el bast\u00f3n, ya en poder de sus familiares directos, fueron dejados por los mismos en calidad de custodia en la Sala de Malvinas del Cuerpo de Cadetes de la Escuela de Aviaci\u00f3n Militar dando cumplimiento al pedido del extinto FIORE en oportunidad de una visita que realiz\u00f3 a las Salas Hist\u00f3ricas el 28 de julio de 2009.<\/p>\n<p>[\/vc_column_text][vc_empty_space height=\u00bb4em\u00bb][\/vc_column][\/vc_row][vc_row][vc_column][vc_empty_space height=\u00bb4em\u00bb]<figure class=\"sc_image  sc_image_shape_square\"><img decoding=\"async\" src=\"http:\/\/www.eam.iua.edu.ar\/eam\/wp-content\/uploads\/2023\/09\/UNIFORME-VUELO-Y-TRAJE-ANTI-G-BRIG.-LATORRE-scaled.jpg\" alt=\"\" \/><\/figure>[vc_column_text][\/vc_column_text][vc_column_text]<\/p>\n<p style=\"text-align: center;\"><strong>Buzo de Vuelo y traje anti-g del Brig. \u201cVGM\u201d (R) Eduardo Mario LATORRE<\/strong><\/p>\n<p>[\/vc_column_text][vc_empty_space height=\u00bb4em\u00bb][vc_column_text]<\/p>\n<p style=\"text-align: justify;\">El Buzo de vuelo y traje anti-g fueron donados por el Brigadier \u201cVGM\u201d (R) D. Eduardo Mario LATORRE para que se encuentren exhibidos en la Sala de Malvinas \u201cCapit\u00e1n D. Omar Jes\u00fas CASTILLO\u201d.<\/p>\n<p style=\"text-align: justify;\">El Brigadier \u201cVGM\u201d (R.) Eduardo M. LATORRE fue parte del Escuadr\u00f3n \u201cPucar\u00e1\u201d durante la Guerra de Malvinas. Es importante destacar que el Brig. \u201cVGM\u201d (R) LATORRE fue Jefe del Cuerpo de Cadetes en el 2008\/2009, Subdirector en 2010\/ 2011 y Director de la Escuela de Aviaci\u00f3n Militar durante el a\u00f1o 2012.<\/p>\n<p>[\/vc_column_text][vc_empty_space height=\u00bb4em\u00bb][\/vc_column][\/vc_row][vc_row][vc_column][vc_empty_space height=\u00bb4em\u00bb]<figure class=\"sc_image  sc_image_shape_square\"><img decoding=\"async\" src=\"http:\/\/www.eam.iua.edu.ar\/eam\/wp-content\/uploads\/2023\/09\/RESTOS-FUSELAJE-A-4B-scaled.jpg\" alt=\"\" \/><\/figure>[vc_column_text][\/vc_column_text][vc_column_text]<\/p>\n<p style=\"text-align: center;\"><strong>Restos del fuselaje de avi\u00f3n A-4B matr\u00edcula C-248 que particip\u00f3 en Malvinas<\/strong><\/p>\n<p>[\/vc_column_text][vc_empty_space height=\u00bb4em\u00bb][vc_column_text]<\/p>\n<p style=\"text-align: justify;\">La aeronave A-4B C-248 fue comandada por el Capit\u00e1n D. Fausto GAVAZZI, quien integraba la Escuadrilla Oro en la guerra de Malvinas. Parte del fuselaje de su avi\u00f3n fue recuperado 22 a\u00f1os m\u00e1s tarde en la Isla Soledad por el Capit\u00e1n del velero \u201cM\u00cdSTICO\u201d, Jorge Bertolino.<\/p>\n<p style=\"text-align: justify;\">El 27 de diciembre de 2003, Jorge BERTOLINO y su amigo Marcelo GONZ\u00c1LEZ, se embarcaron a bordo de su velero denominado \u201cM\u00edstico\u201d hacia alta mar con destino final Isla Malvinas. Luego de 10 d\u00edas de viaje el velero toc\u00f3 tierra, convirti\u00e9ndose en el primer barco deportivo de bandera argentina en arribar a Puerto Argentino despu\u00e9s del conflicto de 1982.<\/p>\n<p style=\"text-align: justify;\">En su recorrido por las Islas tuvieron la oportunidad de ver los restos del avi\u00f3n A-4B Skyhawk C-248 de la Fuerza A\u00e9rea Argentina que fue derribado cuyo piloto era el Capit\u00e1n \u00a0D. Fausto GAVAZZI, quien perdi\u00f3 la vida.<\/p>\n<p style=\"text-align: justify;\">Entre las partes encontradas del fuselaje del avi\u00f3n, Bertolino eligi\u00f3 una de las m\u00e1s significativas para \u00e9l, la cual es donde se ve la matr\u00edcula del A-4B.<\/p>\n<p style=\"text-align: justify;\">El 13 de enero de 2004, Bertolino y Gonz\u00e1lez zarparon de regreso a Buenos Aires y arribaron al Club N\u00e1utico Sudeste de San Isidro el 21 de ese mismo mes.<\/p>\n<p style=\"text-align: justify;\">El 10 de agosto de 2004 en el marco de la ceremonia por el D\u00eda de la Fuerza A\u00e9rea Argentina, Jorge Bertolino pudo concretar su deseo de donarle el fuselaje de la aeronave A-4B Skyhawk a la Instituci\u00f3n.<\/p>\n<p>[\/vc_column_text][vc_empty_space height=\u00bb4em\u00bb][\/vc_column][\/vc_row][vc_row][vc_column][vc_empty_space height=\u00bb4em\u00bb]<figure class=\"sc_image  sc_image_shape_square\"><img decoding=\"async\" src=\"http:\/\/www.eam.iua.edu.ar\/eam\/wp-content\/uploads\/2023\/09\/BINOCULARES-BRIG.-PEDROZO-1-scaled.jpg\" alt=\"\" \/><\/figure>[vc_column_text][\/vc_column_text][vc_column_text]<\/p>\n<p style=\"text-align: center;\"><strong>Binoculares donados por el Brigadier \u201cVGM\u201d (R) Wilson PEDROZO<\/strong><\/p>\n<p>[\/vc_column_text][vc_empty_space height=\u00bb4em\u00bb][vc_column_text]<\/p>\n<p style=\"text-align: justify;\">Los binoculares 10 x 50 cm Field 5\u201d fueron entregados en custodia a la Sala de Malvinas del Instituto por el Brigadier \u201cVGM\u201d (R) D. Wilson Rossier PEDROZO en el a\u00f1o 2016.<\/p>\n<p style=\"text-align: justify;\">El Brig. \u201cVGM\u201d (R) Wilson Rossier PEDROZO fue Jefe de la Base A\u00e9rea Militar C\u00f3ndor en Malvinas, lugar donde estaban desplegados los aviones de ataque \u201cPucar\u00e1\u201d.<\/p>\n<p style=\"text-align: justify;\">En el Conflicto del Atl\u00e1ntico Sur, el mencionado Oficial Superior ten\u00eda el grado de Vicecomodoro.<\/p>\n<p>[\/vc_column_text][vc_empty_space height=\u00bb4em\u00bb][\/vc_column][\/vc_row][vc_row][vc_column][vc_empty_space height=\u00bb4em\u00bb]<figure class=\"sc_image  sc_image_shape_square\"><img decoding=\"async\" src=\"http:\/\/www.eam.iua.edu.ar\/eam\/wp-content\/uploads\/2023\/09\/YESO-ABDOMINAL-MY.-PIUMA-JUSTO-scaled.jpg\" alt=\"\" \/><\/figure>[vc_column_text][\/vc_column_text][vc_column_text]<\/p>\n<p style=\"text-align: center;\"><strong>Yeso abdominal del Brig. \u201cVGM\u201d (R)\u00a0 D. Gustavo PIUMA JUSTO <\/strong><\/p>\n<p>[\/vc_column_text][vc_empty_space height=\u00bb4em\u00bb][vc_column_text]<\/p>\n<p style=\"text-align: justify;\">El yeso abdominal que est\u00e1 exhibido en la Sala Malvinas fue usado por el Brigadier \u201cVGM\u201d D. Gustavo PIUMA JUSTO luego de ser alcanzado por el misil de un avi\u00f3n Sea Harrier por lo que debi\u00f3 eyectarse de su avi\u00f3n Mirage Dagger para salvar su vida.<\/p>\n<p style=\"text-align: justify;\">Como consecuencia de la eyecci\u00f3n y ca\u00edda en tierras malvinenses, el Brigadier \u201cVGM\u201d (R) PIUMA JUSTO se fractur\u00f3 la cuarta y quinta v\u00e9rtebra, se quebr\u00f3 la tibia y peron\u00e9 de una de sus piernas, tuvo traumatismo de t\u00f3rax y un corte severo en el paladar.<\/p>\n<p style=\"text-align: justify;\">Estuvo 24 horas en ese lugar sin poder caminar ni moverse. Como no pod\u00eda caminar se arrastr\u00f3 porque a mil metros hab\u00eda una tapera y all\u00ed se pudo refugiar. Posteriormente fue rescatado por tropas argentinas que lo asistieron y lo llevaron para atenci\u00f3n m\u00e9dica.<\/p>\n<p>[\/vc_column_text][vc_empty_space height=\u00bb4em\u00bb][\/vc_column][\/vc_row][vc_row][vc_column][vc_empty_space height=\u00bb4em\u00bb]<figure class=\"sc_image  sc_image_shape_square\"><img decoding=\"async\" src=\"http:\/\/www.eam.iua.edu.ar\/eam\/wp-content\/uploads\/2023\/09\/COFRE-GRABACIONES-OPERACIONES-AEREAS-scaled.jpg\" alt=\"\" \/><\/figure>[vc_column_text][\/vc_column_text][vc_column_text]<\/p>\n<p style=\"text-align: center;\"><strong>Grabaciones de operaciones a\u00e9reas durante la Guerra de Malvinas<\/strong><\/p>\n<p>[\/vc_column_text][vc_empty_space height=\u00bb4em\u00bb][vc_column_text]<\/p>\n<p style=\"text-align: justify;\">En la Sala de Malvinas se encuentra exhibido el cofre con las grabaciones de las operaciones a\u00e9reas que se llevaron a cabo durante el Conflicto del Atl\u00e1ntico Sur.<\/p>\n<p style=\"text-align: justify;\">Las grabaciones fueron donadas a la Sala Hist\u00f3rica en el a\u00f1o 2004 por el Comodoro \u201cVGM\u201d (R) D. Amando MEDINA.<\/p>\n<p>[\/vc_column_text][vc_empty_space height=\u00bb4em\u00bb][\/vc_column][\/vc_row][vc_row][vc_column][vc_empty_space height=\u00bb4em\u00bb]<figure class=\"sc_image  sc_image_shape_square\"><img decoding=\"async\" src=\"http:\/\/www.eam.iua.edu.ar\/eam\/wp-content\/uploads\/2023\/09\/CASCO-Y-PANUELO-COM.-CARBALLO.jpg\" alt=\"\" \/><\/figure>[vc_column_text][\/vc_column_text][vc_column_text]<\/p>\n<p style=\"text-align: center;\"><strong>Casco y pa\u00f1uelo distintivo del Comodoro \u201cVGM\u201d (R) D. Pablo CARBALLO<\/strong><\/p>\n<p>[\/vc_column_text][vc_empty_space height=\u00bb4em\u00bb][vc_column_text]<\/p>\n<p style=\"text-align: justify;\">El casco y pa\u00f1uelo distintivo del Escuadr\u00f3n A-4B Skyhawk que us\u00f3 en Malvinas, pertenecen al Comodoro \u201cVGM\u201d (R) D. Pablo Marcos CARBALLO. Ambos, se encuentran en resguardo y custodia en la Sala de Malvinas de la E.A.M.<\/p>\n<p style=\"text-align: justify;\">El Com. \u201cVGM\u201d (R) CARBALLO particip\u00f3 de hundimientos de varios nav\u00edos ingleses, adem\u00e1s de concretar importantes aver\u00edas a algunos buques y numerosas incursiones para detener el avance enemigo en las Islas. Fue varias veces condecorado por su participaci\u00f3n en el Conflicto del Atl\u00e1ntico Sur.<\/p>\n<p style=\"text-align: justify;\">El oficial antes mencionado es autor de varios libros sobre la guerra de Malvinas y ha disertado en distintos pa\u00edses del mundo sobre la actuaci\u00f3n de la Fuerza A\u00e9rea Argentina en el Conflicto del Atl\u00e1ntico Sur.<\/p>\n<p>[\/vc_column_text][vc_empty_space height=\u00bb4em\u00bb][vc_btn title=\u00bbLeer mas\u00bb color=\u00bbwarning\u00bb align=\u00bbcenter\u00bb link=\u00bburl:https%3A%2F%2Fwww.lavoz.com.ar%2Fpolitica%2Fpablo-carballo-piloto-destacado-de-malvinas-fue-la-continuidad-de-la-campana-de-san-martin%2F%3Fregister%3Dgoogle\u00bb][vc_empty_space height=\u00bb4em\u00bb][\/vc_column][\/vc_row][vc_row][vc_column][vc_empty_space height=\u00bb4em\u00bb]<figure class=\"sc_image  sc_image_shape_square\"><img decoding=\"async\" src=\"http:\/\/www.eam.iua.edu.ar\/eam\/wp-content\/uploads\/2023\/09\/EQUIPO-DE-COMUNICACIONES-BRITANICO-scaled.jpg\" alt=\"\" \/><\/figure>[vc_column_text][\/vc_column_text][vc_column_text]<\/p>\n<p style=\"text-align: center;\"><strong>Equipo de comunicaciones brit\u00e1nico<\/strong><\/p>\n<p>[\/vc_column_text][vc_empty_space height=\u00bb4em\u00bb][vc_column_text]<\/p>\n<p style=\"text-align: justify;\">El equipo de comunicaciones HF portable marca Racal de dotaci\u00f3n de los Royal Marines fue donado por el Comodoro \u201cVGM\u201d (R) D. Eduardo ZANARDI, quien perteneci\u00f3 al Grupo I de Comunicaciones Escuela de la Fuerza A\u00e9rea Argentina.<\/p>\n<p>[\/vc_column_text][vc_empty_space height=\u00bb4em\u00bb][\/vc_column][\/vc_row][vc_row][vc_column][vc_empty_space height=\u00bb4em\u00bb]<figure class=\"sc_image  sc_image_shape_square\"><img decoding=\"async\" src=\"http:\/\/www.eam.iua.edu.ar\/eam\/wp-content\/uploads\/2023\/09\/ARMAMENTO-BRITANICO.jpg\" alt=\"\" \/><\/figure>[vc_column_text][\/vc_column_text][vc_column_text]<\/p>\n<p style=\"text-align: center;\"><strong>Armamento brit\u00e1nico capturado en Malvinas por tropas argentinas<\/strong><\/p>\n<p>[\/vc_column_text][vc_empty_space height=\u00bb4em\u00bb][vc_column_text]<\/p>\n<p style=\"text-align: justify;\">La ametralladora ligera Mk 1 (Fusil autom\u00e1tico de fuego selectivo) de origen checoslovaca-brit\u00e1nica fue donado por el Comodoro \u201cVGM\u201d (R) D. Eduardo Oscar SPADANO quien combati\u00f3 en la guerra de Malvinas siendo parte del G.O.E. (Grupo de Operaciones Especiales) de la Fuerza A\u00e9rea Argentina.<\/p>\n<p>[\/vc_column_text][vc_empty_space height=\u00bb4em\u00bb][\/vc_column][\/vc_row][vc_row][vc_column][vc_empty_space height=\u00bb4em\u00bb]<figure class=\"sc_image  sc_image_shape_square\"><img decoding=\"async\" src=\"http:\/\/www.eam.iua.edu.ar\/eam\/wp-content\/uploads\/2023\/09\/PIEZA-ASIENTO-EYECTADO-AVION-PUCARA-scaled.jpg\" alt=\"\" \/><\/figure>[vc_column_text][\/vc_column_text][vc_column_text]<\/p>\n<p style=\"text-align: center;\"><strong>Pieza de asiento de avi\u00f3n \u201cPucar\u00e1\u201d eyectado en Malvinas<\/strong><\/p>\n<p>[\/vc_column_text][vc_empty_space height=\u00bb4em\u00bb][vc_column_text]<\/p>\n<p style=\"text-align: justify;\">El sistema de armas IA-58 \u201cPucar\u00e1\u201d se destac\u00f3 en el Conflicto del Atl\u00e1ntico Sur por su gran maniobrabilidad, potencia de fuego, facultad para volar en condiciones clim\u00e1ticas extremas y su capacidad para aterrizar en pistas cortas y de tierra de Malvinas, tales como la Base A\u00e9rea Militar \u201cC\u00f3ndor\u201d y el Aer\u00f3dromo de Puerto Calder\u00f3n, donde otro tipo de aeronaves no pod\u00edan maniobrar.<\/p>\n<p style=\"text-align: justify;\">Las aeronaves Pucar\u00e1 cumplieron un rol preponderante en la batalla de Pradera del Ganso, el primer gran enfrentamiento que se desarroll\u00f3 entre el 27 y 29 de mayo. All\u00ed, en medio de un fuerte temporal, lograron derribar helic\u00f3pteros ingleses.<\/p>\n<p style=\"text-align: justify;\">Compartimos la entrevista a uno de los pilotos del sistema de armas IA-58 \u201cPucar\u00e1\u201d en la guerra de Malvinas, Comodoro \u201cVGM\u201d (R) D. Eduardo TU\u00d1EZ<\/p>\n<p>[\/vc_column_text][vc_empty_space height=\u00bb4em\u00bb][vc_video link=\u00bbhttps:\/\/www.youtube.com\/watch?v=f6EEhqBjA58&amp;ab_channel=EAMArgentina\u00bb align=\u00bbcenter\u00bb][vc_empty_space height=\u00bb4em\u00bb][\/vc_column][\/vc_row][vc_row][vc_column][vc_empty_space height=\u00bb4em\u00bb]<h3 class=\"sc_title sc_title_regular with_star sc_align_left\" style=\"text-align:left;\"> Escuela de Aviaci\u00f3n Militar &#8211; SALA MALVINAS<\/h3>[vc_empty_space height=\u00bb2em\u00bb][vc_media_grid style=\u00bbload-more\u00bb items_per_page=\u00bb8&#8243; element_width=\u00bb3&#8243; item=\u00bbmasonryMedia_SlideTop\u00bb btn_title=\u00bbVer M\u00e1s\u00bb btn_style=\u00bbmodern\u00bb btn_color=\u00bbdefault\u00bb btn_size=\u00bbxs\u00bb grid_id=\u00bbvc_gid:1712329135310-8fcb1309-5012-7&#8243; include=\u00bb12574,12583,12656,12657,12576,12577,12578,12580,12581,12582,13199,13206&#8243;][vc_empty_space height=\u00bb4em\u00bb][\/vc_column][\/vc_row]<\/p>\n","protected":false},"excerpt":{"rendered":"<p>[vc_row][vc_column][vc_column_text] Maqueta con los Sistemas de Armas de la Fuerza A\u00e9rea Argentina que participaron en Malvinas [\/vc_column_text][vc_empty_space height=\u00bb4em\u00bb][vc_column_text] La maqueta fue remodelada y modernizada en el a\u00f1o 2016 por personal militar superior, subalterno y Cadetes del Instituto. En la misma se pueden apreciar nuestras Islas Malvinas y aeronaves en miniatura pertenecientes a la Aviaci\u00f3n de [&hellip;]<\/p>\n","protected":false},"author":1,"featured_media":0,"parent":0,"menu_order":0,"comment_status":"closed","ping_status":"closed","template":"","meta":{"_joinchat":[],"footnotes":""},"class_list":["post-13481","page","type-page","status-publish","hentry"],"_links":{"self":[{"href":"http:\/\/www.eam.iua.edu.ar\/eam\/wp-json\/wp\/v2\/pages\/13481","targetHints":{"allow":["GET"]}}],"collection":[{"href":"http:\/\/www.eam.iua.edu.ar\/eam\/wp-json\/wp\/v2\/pages"}],"about":[{"href":"http:\/\/www.eam.iua.edu.ar\/eam\/wp-json\/wp\/v2\/types\/page"}],"author":[{"embeddable":true,"href":"http:\/\/www.eam.iua.edu.ar\/eam\/wp-json\/wp\/v2\/users\/1"}],"replies":[{"embeddable":true,"href":"http:\/\/www.eam.iua.edu.ar\/eam\/wp-json\/wp\/v2\/comments?post=13481"}],"version-history":[{"count":5,"href":"http:\/\/www.eam.iua.edu.ar\/eam\/wp-json\/wp\/v2\/pages\/13481\/revisions"}],"predecessor-version":[{"id":13502,"href":"http:\/\/www.eam.iua.edu.ar\/eam\/wp-json\/wp\/v2\/pages\/13481\/revisions\/13502"}],"wp:attachment":[{"href":"http:\/\/www.eam.iua.edu.ar\/eam\/wp-json\/wp\/v2\/media?parent=13481"}],"curies":[{"name":"wp","href":"https:\/\/api.w.org\/{rel}","templated":true}]}}