{"id":233,"date":"2015-07-07T12:53:17","date_gmt":"2015-07-07T12:53:17","guid":{"rendered":"http:\/\/military.ancorathemes.com\/?page_id=233"},"modified":"2024-10-23T15:49:25","modified_gmt":"2024-10-23T18:49:25","slug":"incorporarse","status":"publish","type":"page","link":"http:\/\/www.eam.iua.edu.ar\/eam\/incorporarse\/","title":{"rendered":"Incorporarse"},"content":{"rendered":"<p>[vc_row full_width=\u00bbstretch_row_content_no_spaces\u00bb parallax=\u00bbcontent-moving\u00bb parallax_image=\u00bb11993&#8243; disable_element=\u00bbyes\u00bb css=\u00bb.vc_custom_1679572991313{background-image: url(http:\/\/www.eam.iua.edu.ar\/eam\/wp-content\/uploads\/2022\/08\/Banner-Secciones-WEB-Ingreso-2023-2.jpg?id=12041) !important;background-position: center;background-repeat: no-repeat !important;background-size: contain !important;}\u00bb el_class=\u00bbrequisitos\u00bb][vc_column][\/vc_column][\/vc_row][vc_row full_width=\u00bbstretch_row\u00bb equal_height=\u00bbyes\u00bb][vc_column css=\u00bb.vc_custom_1503494160477{padding-right: 5em !important;padding-left: 5em !important;}\u00bb][vc_empty_space height=\u00bb4em\u00bb]<h3 class=\"sc_title sc_title_regular with_star\">Informaci\u00f3n General<\/h3>[vc_empty_space height=\u00bb2em\u00bb][\/vc_column][vc_column width=\u00bb1\/2&#8243; css=\u00bb.vc_custom_1729707131240{border-right-width: 20px !important;background-image: url(http:\/\/www.eam.iua.edu.ar\/eam\/wp-content\/uploads\/2024\/10\/desfile-incorporacion-scaled.jpg?id=14020) !important;background-position: center !important;background-repeat: no-repeat !important;background-size: cover !important;border-right-color: #b22d2e !important;border-right-style: solid !important;}\u00bb][\/vc_column][vc_column width=\u00bb1\/2&#8243; css=\u00bb.vc_custom_1503494424293{padding-right: 4em !important;padding-left: 4em !important;}\u00bb][vc_empty_space height=\u00bb2em\u00bb]<h5 class=\"sc_title sc_title_regular \">Licenciatura en Conducci\u00f3n de<br \/>\nRecursos Aerospaciales para la Defensa (LICRAD)<\/h5>[vc_column_text]<\/p>\n<p style=\"text-align: justify;\">La Carrera que brinda la Escuela de Aviaci\u00f3n Militar consta de un Plan de Ense\u00f1anza de cuatro a\u00f1os, durante los cuales los alumnos se forman como Cadetes, recibiendo una educaci\u00f3n profesional. La caracter\u00edstica m\u00e1s relevante es la adecuada articulaci\u00f3n entre actividades acad\u00e9micas, militares y deportivas, lo que propicia una formaci\u00f3n integral.<br \/>\nFinalizado dicho ciclo, los Cadetes egresan como Oficiales de la Fuerza A\u00e9rea Argentina, con el grado de Alf\u00e9rez, obteniendo adem\u00e1s la Licenciatura en Conducci\u00f3n de Recursos Aeroespaciales para la Defensa (LICRAD).<\/p>\n<p>&nbsp;<\/p>\n<h3><a href=\"http:\/\/www.eam.iua.edu.ar\/eam\/formacion-de-cadete\/\" target=\"_blank\" rel=\"noopener noreferrer\"><span style=\"color: #003366;\">Ver PLAN DE ESTUDIOS <\/span><\/a><\/h3>\n<p>[\/vc_column_text][vc_empty_space height=\u00bb2em\u00bb][\/vc_column][\/vc_row][vc_row full_width=\u00bbstretch_row_content_no_spaces\u00bb css=\u00bb.vc_custom_1503496368404{background-color: #000033 !important;}\u00bb][vc_column css=\u00bb.vc_custom_1503523443829{padding-right: 4em !important;padding-left: 4em !important;}\u00bb][vc_empty_space height=\u00bb4em\u00bb]<h3 id=\"requisitosingreso\" class=\"sc_title sc_title_regular  sc_align_center\" style=\"text-align:center;color:#dd9933;\">ingreso<\/h3>[vc_empty_space height=\u00bb2em\u00bb][\/vc_column][\/vc_row][vc_row full_width=\u00bbstretch_row_content_no_spaces\u00bb parallax=\u00bbcontent-moving\u00bb css=\u00bb.vc_custom_1729708677197{background-image: url(http:\/\/www.eam.iua.edu.ar\/eam\/wp-content\/uploads\/2015\/07\/requisitos2.jpg?id=1824) !important;}\u00bb el_class=\u00bbrequisitos\u00bb][vc_column][\/vc_column][\/vc_row][vc_row full_width=\u00bbstretch_row\u00bb css=\u00bb.vc_custom_1580830037812{background-color: #000033 !important;}\u00bb][vc_column css=\u00bb.vc_custom_1503523443829{padding-right: 4em !important;padding-left: 4em !important;}\u00bb][vc_empty_space height=\u00bb4em\u00bb]<h5 class=\"sc_title sc_title_regular \">Requisitos de Ingreso<\/h5>[vc_empty_space height=\u00bb4em\u00bb]<ul class=\"sc_list sc_list_style_iconed\" style=\"color:#e0e0e0;\" data-animation=\"animated fadeIn normal\"><li class=\"sc_list_item odd first\"><span class=\"sc_list_icon icon-star\" style=\"color:#dd9933;\"><\/span>[vc_column_text]Ser argentino\/a nativo\/a o por opci\u00f3n.[\/vc_column_text]<\/li><li class=\"sc_list_item even\"><span class=\"sc_list_icon icon-star\" style=\"color:#dd9933;\"><\/span>[vc_column_text]Ser de estado civil soltero\/a.[\/vc_column_text]<\/li><li class=\"sc_list_item odd\"><span class=\"sc_list_icon icon-star\" style=\"color:#dd9933;\"><\/span>[vc_column_text]Tener como edad m\u00e1xima 24 a\u00f1os, al 1 de marzo del a\u00f1o de incorporaci\u00f3n.[\/vc_column_text]<\/li><li class=\"sc_list_item even\"><span class=\"sc_list_icon icon-star\" style=\"color:#dd9933;\"><\/span>[vc_column_text]No haber sido dado de baja por mala conducta o aplazado en aptitudes militares, en alguno de los Institutos de las Fuerzas Armadas, o haber sido condenado en sede civil o militar, por delitos de cualquier \u00edndole.[\/vc_column_text]<\/li><li class=\"sc_list_item odd\"><span class=\"sc_list_icon icon-star\" style=\"color:#dd9933;\"><\/span>[vc_column_text]Tener aprobado y finalizado el ciclo de ense\u00f1anza secundaria.[\/vc_column_text]<div class=\"sc_infobox sc_infobox_style_regular sc_infobox_iconed icon-attention\">[vc_column_text css=\u00bb.vc_custom_1611756027028{padding-right: 1em !important;}\u00bb]<\/p>\n<p style=\"text-align: justify;\"><span style=\"color: #ffffff;\">Quienes se encuentren cursando el \u00faltimo a\u00f1o podr\u00e1n inscribirse y rendir el Examen Intelectual. Al presentarse al Examen Definitivo, podr\u00e1 adeudar como m\u00e1ximo DOS (2) asignaturas. En este caso al ser incorporado como Cadete de I A\u00f1o revistar\u00e1 en car\u00e1cter de CONDICIONAL, debiendo ser acreditada la aprobaci\u00f3n de las mismas hasta 40 (cuarenta)d\u00edas posteriores al comienzo de clases, con la certificaci\u00f3n correspondiente. El plazo m\u00e1ximo para la presentaci\u00f3n del Certificado Anal\u00edtico \u00f3 T\u00edtulo ser\u00e1 hasta el 31 de julio del a\u00f1o de ingreso, caso contrario ser\u00e1 dado de baja autom\u00e1ticamente. Los estudios cursados en el extranjero deber\u00e1n estar convalidados por el Ministerio de Educaci\u00f3n de la Naci\u00f3n. En el caso de adeudar materias de nivel medio, durante el periodo de Candidato, no podr\u00e1 retirarse del Instituto para rendir dichas asignaturas, por encontrarse en un proceso de selecci\u00f3n.<\/span><\/p>\n<p>[\/vc_column_text]<\/div><\/li><li class=\"sc_list_item even\"><span class=\"sc_list_icon icon-star\" style=\"color:#dd9933;\"><\/span>[vc_column_text]Poseer DNI actualizado y en buenas condiciones.[\/vc_column_text]<\/li><li class=\"sc_list_item odd\"><span class=\"sc_list_icon icon-star\" style=\"color:#dd9933;\"><\/span>[vc_column_text]Contar con consentimiento de sus padres o representante legal si es menor a 18 a\u00f1os.[\/vc_column_text]<\/li><li class=\"sc_list_item even\"><span class=\"sc_list_icon icon-star\" style=\"color:#dd9933;\"><\/span>[vc_column_text]<span style=\"font-weight: 400;\">Tener aptitud psicofisiol\u00f3gica que le permita el cumplimiento de las actividades que impone el servicio de las armas, de acuerdo con lo establecido en la Reglamentaci\u00f3n vigente.<\/span>[\/vc_column_text]<\/li><li class=\"sc_list_item odd\"><span class=\"sc_list_icon icon-star\" style=\"color:#dd9933;\"><\/span>[vc_column_text]<span style=\"font-weight: 400;\">Poseer el Plan Nacional de Vacunaci\u00f3n completo, incluido el esquema completo anti-hepatitis A, B, Antitet\u00e1nica. Deseable TRES (3) dosis COVID-19.<\/span>[\/vc_column_text]<\/li><li class=\"sc_list_item even\"><span class=\"sc_list_icon icon-star\" style=\"color:#dd9933;\"><\/span>[vc_column_text]Aprobar los ex\u00e1menes Intelectual y Definitivo (Psicot\u00e9cnico, M\u00e9dico, de Aptitud F\u00edsica, Entrevista Personal, Nociones B\u00e1sicas de la Vida Militar y Junta de Admisi\u00f3n) estipulados en el Cuadernillo de Ingreso.[\/vc_column_text]<\/li><li class=\"sc_list_item odd\"><span class=\"sc_list_icon icon-star\" style=\"color:#dd9933;\"><\/span>[vc_column_text]Completar y presentar los formularios y la documentaci\u00f3n exigida para la inscripci\u00f3n.[\/vc_column_text]<\/li><\/ul>[vc_empty_space height=\u00bb2em\u00bb][vc_column_text]<\/p>\n<p style=\"text-align: justify;\"><span style=\"color: #cccccc;\"><em>Las Candidatas que estando embarazadas o en per\u00edodo de lactancia, deseen presentarse a rendir en la Escuela de Aviaci\u00f3n Militar, podr\u00e1n inscribirse quedando comprendidas en las condiciones establecidas en la Resoluci\u00f3n N\u00ba 1273\/09 del Ministerio de Defensa (ver Anexo II del Cap\u00edtulo V Examen M\u00e9dico). Deber\u00e1n tener en cuenta que s\u00f3lo podr\u00e1n rendir el examen Intelectual. No podr\u00e1n efectuar los Ex\u00e1menes F\u00edsicos. Ser\u00e1 obligatorio acreditar esta situaci\u00f3n con certificado m\u00e9dico. La instituci\u00f3n efectuar\u00e1 o requerir\u00e1 los ex\u00e1menes m\u00e9dicos que considere necesarios. Si el promedio obtenido en el Examen Intelectual le permitiese continuar con las instancias siguientes, se le extender\u00e1 una constancia con el promedio obtenido y tendr\u00e1 una vigencia de DOS (2) a\u00f1os, hasta que finalice el per\u00edodo de gestaci\u00f3n y lactancia.<\/em><\/span><\/p>\n<p>[\/vc_column_text][vc_empty_space height=\u00bb2em\u00bb][\/vc_column][\/vc_row][vc_row equal_height=\u00bbyes\u00bb disable_element=\u00bbyes\u00bb][vc_column width=\u00bb1\/2&#8243; css=\u00bb.vc_custom_1503699852337{padding-right: 3em !important;padding-left: 4em !important;}\u00bb][vc_empty_space height=\u00bb3em\u00bb]<h3 class=\"sc_title sc_title_regular  sc_align_center\" style=\"text-align:center;\">Proceso de Incorporaci\u00f3n a la EAM<\/h3>[vc_empty_space height=\u00bb3em\u00bb]<div class=\"sc_dropcaps sc_dropcaps_style_2\" data-animation=\"animated fadeInLeft normal\"><span class=\"sc_dropcaps_item\">1<\/span><strong>Cuadernillo de Ingreso<\/strong><br \/>\n<em>Una vez abiertas las inscripciones, descargar el Cuadernillo de Ingreso y leerlo.\u00a0<\/em><\/div>[vc_btn title=\u00bbGu\u00eda digital Interactiva\u00bb align=\u00bbcenter\u00bb css_animation=\u00bbleft-to-right\u00bb link=\u00bburl:http%3A%2F%2Fwww.eam.iua.edu.ar%2Feam%2Fguia-digital-interactiva-2019%2F|title:Gu%C3%ADa%20digital%20Interactiva|target:%20_blank|\u00bb css=\u00bb.vc_custom_1543078197240{margin-top: 10px !important;}\u00bb][vc_empty_space height=\u00bb2em\u00bb]<div class=\"sc_dropcaps sc_dropcaps_style_2\" data-animation=\"animated fadeInLeft normal\"><span class=\"sc_dropcaps_item\">2<\/span><strong>Inscribirse<\/strong><br \/>\n<em>Completar los formularios (Anexos) del Cuadernillo de Ingreso y enviar la documentaci\u00f3n a la EAM.<\/em><\/div>[vc_empty_space height=\u00bb2em\u00bb]<div class=\"sc_dropcaps sc_dropcaps_style_2\" data-animation=\"animated fadeInLeft normal\"><span class=\"sc_dropcaps_item\">3<\/span><strong>Examen Intelectual<\/strong><br \/>\n<em>Los d\u00edas estipulados en el Cuadernillo de Ingreso (mes de Diciembre), rendir el examen intelectual en el subcentro seleccionado durante la Inscripci\u00f3n.<\/em><button class=\"eModal-1\">IMPORTANTE<\/button><\/div>[vc_btn title=\u00bbTe ayudamos en la preparaci\u00f3n\u00bb align=\u00bbcenter\u00bb css_animation=\u00bbleft-to-right\u00bb link=\u00bburl:%23||target:%20_blank|\u00bb css=\u00bb.vc_custom_1522765203974{margin-top: 10px !important;}\u00bb][vc_empty_space height=\u00bb2em\u00bb]<div class=\"sc_dropcaps sc_dropcaps_style_2\" data-animation=\"animated fadeInLeft normal\"><span class=\"sc_dropcaps_item\">4<\/span><strong>Examen Definitivo<\/strong><br \/>\n<em>Los que aprueben el examen intelectual, se presentar\u00e1n durante el mes de Febrero en la EAM (fecha a confirmar) para rendir el Examen Difinitivo.\u00a0<\/em><button class=\"eModal-4\">IMPORTANTE<\/button><\/div>[vc_btn title=\u00bbTe ayudamos en el entrenamiento\u00bb align=\u00bbcenter\u00bb css_animation=\u00bbleft-to-right\u00bb link=\u00bburl:https%3A%2F%2Fwww.youtube.com%2Fwatch%3Fv%3DlrWYXZI4vyg|||\u00bb css=\u00bb.vc_custom_1512386096687{margin-top: 10px !important;}\u00bb el_class=\u00bbvp-a\u00bb][vc_empty_space height=\u00bb2em\u00bb]<div class=\"sc_dropcaps sc_dropcaps_style_2\" data-animation=\"animated fadeInLeft normal\"><span class=\"sc_dropcaps_item\">5<\/span><strong>Ingreso como Cadete de I a\u00f1o<\/strong><br \/>\n<em>Quienes sean seleccionados, comienzan su formaci\u00f3n en el Cuerpo de Cadetes como Cadetes de I A\u00f1o.<\/em><\/div>[vc_btn title=\u00bbConoc\u00e9 tu vida en la EAM\u00bb align=\u00bbcenter\u00bb css_animation=\u00bbleft-to-right\u00bb link=\u00bburl:http%3A%2F%2Fwww.eam.iua.edu.ar%2Feam%2Fformacion-de-cadete%2F||target:%20_blank|\u00bb css=\u00bb.vc_custom_1512039213186{margin-top: 10px !important;}\u00bb][vc_empty_space height=\u00bb4em\u00bb][\/vc_column][vc_column width=\u00bb1\/2&#8243; css=\u00bb.vc_custom_1505914965693{background-image: url(http:\/\/www.eam.iua.edu.ar\/eam\/wp-content\/uploads\/2015\/07\/process.jpg?id=1853) !important;background-position: center !important;background-repeat: no-repeat !important;background-size: cover !important;}\u00bb][\/vc_column][\/vc_row][vc_row disable_element=\u00bbyes\u00bb css=\u00bb.vc_custom_1683131627169{padding-right: 4em !important;padding-left: 4em !important;background-color: #f7f7f7 !important;}\u00bb][vc_column][vc_empty_space height=\u00bb4em\u00bb]<h2 class=\"sc_title sc_title_regular with_star sc_align_left\" style=\"margin-left:20px;text-align:left;\">Tutoriales<\/h2>[vc_empty_space height=\u00bb4em\u00bb][vc_row_inner disable_element=\u00bbyes\u00bb][vc_column_inner width=\u00bb1\/3&#8243;]<video class=\"sc_video\" src=\"https:\/\/youtube.com\/embed\/v4dTqgSss5s\" width=\"100%\" height=\"\" data-width=\"100%\" data-height=\"\" data-ratio=\"16:9\" poster=\"http:\/\/www.eam.iua.edu.ar\/eam\/wp-content\/uploads\/2020\/10\/YOUTUBE-TUTORIAL-1.jpg\" data-image=\"http:\/\/www.eam.iua.edu.ar\/eam\/wp-content\/uploads\/2020\/10\/YOUTUBE-TUTORIAL-1.jpg\" style=\"width:100%;\" autoplay=\"autoplay\" controls=\"controls\" loop=\"loop\"><\/video>[\/vc_column_inner][vc_column_inner width=\u00bb1\/3&#8243;]<video class=\"sc_video\" src=\"https:\/\/youtube.com\/embed\/bHraM0s9gEM\" width=\"100%\" height=\"\" data-width=\"100%\" data-height=\"\" data-ratio=\"16:9\" poster=\"http:\/\/www.eam.iua.edu.ar\/eam\/wp-content\/uploads\/2020\/10\/YOUTUBE-TUTORIAL-2.jpg\" data-image=\"http:\/\/www.eam.iua.edu.ar\/eam\/wp-content\/uploads\/2020\/10\/YOUTUBE-TUTORIAL-2.jpg\" style=\"width:100%;\" autoplay=\"autoplay\" controls=\"controls\" loop=\"loop\"><\/video>[\/vc_column_inner][vc_column_inner width=\u00bb1\/3&#8243;]<video class=\"sc_video\" src=\"https:\/\/youtube.com\/embed\/7WrCNWeXYXo\" width=\"100%\" height=\"\" data-width=\"100%\" data-height=\"\" data-ratio=\"16:9\" poster=\"http:\/\/www.eam.iua.edu.ar\/eam\/wp-content\/uploads\/2020\/10\/YOUTUBE-TUTORIAL-3-37.jpg\" data-image=\"http:\/\/www.eam.iua.edu.ar\/eam\/wp-content\/uploads\/2020\/10\/YOUTUBE-TUTORIAL-3-37.jpg\" style=\"width:100%;\" autoplay=\"autoplay\" controls=\"controls\" loop=\"loop\"><\/video>[\/vc_column_inner][\/vc_row_inner][vc_empty_space height=\u00bb2em\u00bb][vc_row_inner disable_element=\u00bbyes\u00bb][vc_column_inner width=\u00bb1\/3&#8243;]<video class=\"sc_video\" src=\"https:\/\/youtube.com\/embed\/-zwadp56bOo\" width=\"100%\" height=\"\" data-width=\"100%\" data-height=\"\" data-ratio=\"16:9\" poster=\"http:\/\/www.eam.iua.edu.ar\/eam\/wp-content\/uploads\/2020\/10\/YOUTUBE-TUTORIAL-4.jpg\" data-image=\"http:\/\/www.eam.iua.edu.ar\/eam\/wp-content\/uploads\/2020\/10\/YOUTUBE-TUTORIAL-4.jpg\" style=\"width:100%;\" autoplay=\"autoplay\" controls=\"controls\" loop=\"loop\"><\/video>[\/vc_column_inner][vc_column_inner width=\u00bb1\/3&#8243;]<video class=\"sc_video\" src=\"https:\/\/youtube.com\/embed\/t_4sBR2BCvc\" width=\"100%\" height=\"\" data-width=\"100%\" data-height=\"\" data-ratio=\"16:9\" poster=\"http:\/\/www.eam.iua.edu.ar\/eam\/wp-content\/uploads\/2020\/11\/YOUTUBE-TUTORIAL-5.jpg\" data-image=\"http:\/\/www.eam.iua.edu.ar\/eam\/wp-content\/uploads\/2020\/11\/YOUTUBE-TUTORIAL-5.jpg\" style=\"width:100%;\" autoplay=\"autoplay\" controls=\"controls\" loop=\"loop\"><\/video>[\/vc_column_inner][vc_column_inner width=\u00bb1\/3&#8243;][\/vc_column_inner][\/vc_row_inner][vc_empty_space height=\u00bb4em\u00bb][vc_empty_space height=\u00bb4em\u00bb][\/vc_column][\/vc_row]<\/p>\n","protected":false},"excerpt":{"rendered":"<p>[vc_row full_width=\u00bbstretch_row_content_no_spaces\u00bb parallax=\u00bbcontent-moving\u00bb parallax_image=\u00bb11993&#8243; disable_element=\u00bbyes\u00bb css=\u00bb.vc_custom_1679572991313{background-image: url(http:\/\/www.eam.iua.edu.ar\/eam\/wp-content\/uploads\/2022\/08\/Banner-Secciones-WEB-Ingreso-2023-2.jpg?id=12041) !important;background-position: center;background-repeat: no-repeat !important;background-size: contain !important;}\u00bb el_class=\u00bbrequisitos\u00bb][vc_column][\/vc_column][\/vc_row][vc_row full_width=\u00bbstretch_row\u00bb equal_height=\u00bbyes\u00bb][vc_column css=\u00bb.vc_custom_1503494160477{padding-right: 5em !important;padding-left: 5em !important;}\u00bb][vc_empty_space height=\u00bb4em\u00bb][vc_empty_space height=\u00bb2em\u00bb][\/vc_column][vc_column width=\u00bb1\/2&#8243; css=\u00bb.vc_custom_1729707131240{border-right-width: 20px !important;background-image: url(http:\/\/www.eam.iua.edu.ar\/eam\/wp-content\/uploads\/2024\/10\/desfile-incorporacion-scaled.jpg?id=14020) !important;background-position: center !important;background-repeat: no-repeat !important;background-size: cover !important;border-right-color: #b22d2e !important;border-right-style: solid !important;}\u00bb][\/vc_column][vc_column width=\u00bb1\/2&#8243; css=\u00bb.vc_custom_1503494424293{padding-right: 4em !important;padding-left: 4em !important;}\u00bb][vc_empty_space height=\u00bb2em\u00bb][vc_column_text] La Carrera que brinda la Escuela de Aviaci\u00f3n Militar [&hellip;]<\/p>\n","protected":false},"author":1,"featured_media":0,"parent":0,"menu_order":0,"comment_status":"closed","ping_status":"closed","template":"","meta":{"_joinchat":[],"footnotes":""},"class_list":["post-233","page","type-page","status-publish","hentry"],"_links":{"self":[{"href":"http:\/\/www.eam.iua.edu.ar\/eam\/wp-json\/wp\/v2\/pages\/233","targetHints":{"allow":["GET"]}}],"collection":[{"href":"http:\/\/www.eam.iua.edu.ar\/eam\/wp-json\/wp\/v2\/pages"}],"about":[{"href":"http:\/\/www.eam.iua.edu.ar\/eam\/wp-json\/wp\/v2\/types\/page"}],"author":[{"embeddable":true,"href":"http:\/\/www.eam.iua.edu.ar\/eam\/wp-json\/wp\/v2\/users\/1"}],"replies":[{"embeddable":true,"href":"http:\/\/www.eam.iua.edu.ar\/eam\/wp-json\/wp\/v2\/comments?post=233"}],"version-history":[{"count":173,"href":"http:\/\/www.eam.iua.edu.ar\/eam\/wp-json\/wp\/v2\/pages\/233\/revisions"}],"predecessor-version":[{"id":14027,"href":"http:\/\/www.eam.iua.edu.ar\/eam\/wp-json\/wp\/v2\/pages\/233\/revisions\/14027"}],"wp:attachment":[{"href":"http:\/\/www.eam.iua.edu.ar\/eam\/wp-json\/wp\/v2\/media?parent=233"}],"curies":[{"name":"wp","href":"https:\/\/api.w.org\/{rel}","templated":true}]}}